{"id":4107,"date":"2020-06-11T15:53:50","date_gmt":"2020-06-11T13:53:50","guid":{"rendered":"https:\/\/diamond-project.eu\/bike-sharing\/"},"modified":"2020-10-02T12:57:25","modified_gmt":"2020-10-02T10:57:25","slug":"autoservicio-bicicletas-compartidas","status":"publish","type":"page","link":"https:\/\/diamond-project.eu\/es\/autoservicio-bicicletas-compartidas\/","title":{"rendered":"Autoservicio de bicicletas compartidas"},"content":{"rendered":"<div class=\"wpb-content-wrapper\" id=\"wpb-content-root\"><p>[vc_section][vc_row][vc_column]<div id=\"ultimate-heading-66526a9d173c88151\" class=\"uvc-heading ult-adjust-bottom-margin ultimate-heading-66526a9d173c88151 uvc-508  uvc-heading-default-font-sizes\" data-hspacer=\"no_spacer\"  data-halign=\"center\" style=\"text-align:center\"><div class=\"uvc-heading-spacer no_spacer\" style=\"top\"><\/div><div class=\"uvc-main-heading ult-responsive\"  data-ultimate-target='.uvc-heading.ultimate-heading-66526a9d173c88151 h2'  data-responsive-json-new='{\"font-size\":\"\",\"line-height\":\"\"}' ><h2 style=\"font-weight:bold;margin-bottom:20px;\">Caso pr\u00e1ctico: Autoservicios de alquiler de bicicletas<\/h2><\/div><div class=\"uvc-sub-heading ult-responsive\"  data-ultimate-target='.uvc-heading.ultimate-heading-66526a9d173c88151 .uvc-sub-heading '  data-responsive-json-new='{\"font-size\":\"\",\"line-height\":\"\"}'  style=\"font-weight:normal;color:#e84249;margin-bottom:20px;\"><\/p>\n<h5>Necesidades y requisitos para lograr servicios de bicicletas compartidas inclusivos desde una perspectiva de g\u00e9nero<\/h5>\n<p><\/div><\/div>[vc_row_inner css=\u00bb.vc_custom_1591715103931{padding-right: 20px !important;padding-left: 20px !important;}\u00bb][vc_column_inner][vc_column_text]Este caso pr\u00e1ctico tiene como finalidad identificar las <strong>necesidades y expectativas de las mujeres con respecto a los autoservicios de alquiler de bicicletas<\/strong>. Hemos utilizado el estudio de caso del servicio de bicicletas denominado V\u00e9lib&#8217; M\u00e9tropole de la capital francesa, cuyo despliegue se ha extendido a <strong>55 municipios de la metr\u00f3poli denominada \u00abgran Par\u00eds\u00bb<\/strong>.<\/p>\n<p>Con este estudio se pretende, una vez finalizado, aumentar el n\u00famero de usuarias de estos servicios de movilidad, as\u00ed como fomentar el desarrollo de estrategias entre los operadores y las autoridades del sector m\u00e1s inclusivas y equitativas en materia de g\u00e9nero.<\/p>\n<p><strong>La comodidad, el coste, el acceso, la log\u00edstica, el nivel de informaci\u00f3n, la experiencia o incluso los desplazamientos con menores <\/strong>\u2014as\u00ed como los comportamientos inadecuados por parte de otros usuarios de la calzada (incluso casos de acoso)\u2014 son solo algunos de los obst\u00e1culos habituales a los que se enfrentan quienes desean desplazarse en bicicleta y, en concreto, las mujeres que utilizan los autoservicios de alquiler de bicicletas.<\/p>\n<p>Este caso pr\u00e1ctico aborda los factores que influyen en la decisi\u00f3n de las mujeres de darse de alta de los servicios de uso compartido de bicicletas.[\/vc_column_text][\/vc_column_inner][\/vc_row_inner][\/vc_column][\/vc_row][vc_row bg_type=\u00bbbg_color\u00bb bg_override=\u00bbfull\u00bb bg_color_value=\u00bb#f2f2f2&#8243;][vc_column css=\u00bb.vc_custom_1591876227441{padding-bottom: 15px !important;}\u00bb]<div id=\"ultimate-heading-46036a9d173c88219\" class=\"uvc-heading ult-adjust-bottom-margin ultimate-heading-46036a9d173c88219 uvc-3752 \" data-hspacer=\"no_spacer\"  data-halign=\"left\" style=\"text-align:left\"><div class=\"uvc-heading-spacer no_spacer\" style=\"top\"><\/div><div class=\"uvc-main-heading ult-responsive\"  data-ultimate-target='.uvc-heading.ultimate-heading-46036a9d173c88219 h5'  data-responsive-json-new='{\"font-size\":\"desktop:25px;\",\"line-height\":\"\"}' ><h5 style=\"font-weight:bold;color:#309cad;margin-bottom:25px;\">Resultados esperados<\/h5><\/div><\/div><div class=\"standard-arrow bullet-top\"><ul>\n<li><strong>Gu\u00edas\u00a0<\/strong>para los servicios de bicicletas compartidas para que sean m\u00e1s inclusivos.<\/li>\n<li><strong>Lista e interdependencia de los factores que influyen en las mujeres a la hora de utilizar bicicletas.<\/strong><\/li>\n<li><strong>Datos <\/strong>relativos a las usuarias de los servicios de uso compartido de bicicletas.<\/li>\n<li><strong>Herramienta de diagn\u00f3stico<\/strong> a disposici\u00f3n de los operadores, las autoridades de transporte y otros agentes del sector para llevar a cabo un an\u00e1lisis sobre sus infraestructuras y sus servicios prestados.<\/li>\n<\/ul>\n<\/div>[\/vc_column][\/vc_row][\/vc_section][vc_row][vc_column][vc_separator color=\u00bbwhite\u00bb el_width=\u00bb10&#8243;][vc_row_inner][vc_column_inner][vc_single_image image=\u00bb3608&#8243; img_size=\u00bbfull\u00bb alignment=\u00bbcenter\u00bb css=\u00bb.vc_custom_1591878642254{padding-bottom: 10px !important;}\u00bb][vc_separator border_width=\u00bb2&#8243;][\/vc_column_inner][\/vc_row_inner][\/vc_column][\/vc_row][vc_section css=\u00bb.vc_custom_1591879390442{padding-top: 10px !important;}\u00bb][vc_row][vc_column]<div id=\"ultimate-heading-92566a9d173c88367\" class=\"uvc-heading ult-adjust-bottom-margin ultimate-heading-92566a9d173c88367 uvc-3144  uvc-heading-default-font-sizes\" data-hspacer=\"no_spacer\"  data-halign=\"center\" style=\"text-align:center\"><div class=\"uvc-heading-spacer no_spacer\" style=\"top\"><\/div><div class=\"uvc-main-heading ult-responsive\"  data-ultimate-target='.uvc-heading.ultimate-heading-92566a9d173c88367 h2'  data-responsive-json-new='{\"font-size\":\"\",\"line-height\":\"\"}' ><h2 style=\"font-weight:bold;margin-bottom:20px;\">El sector de la bicicleta de uso compartido<\/h2><\/div><\/div>[vc_column_text]Los servicios de uso de bicicletas compartidas representan una <strong>respuesta innovadora a los retos de la movilidad urbana<\/strong> y tambi\u00e9n son una herramienta eficaz para fomentar el uso de la bicicleta en las ciudades. Asimismo, contribuyen a una movilidad m\u00e1s sostenible y apacible.<\/p>\n<p>La <strong>accesibilidad, la disponibilidad o la seguridad<\/strong> son factores que pueden influir significativamente en la decisi\u00f3n de recurrir a los servicios de bicicleta compartida y, en especial, entre las mujeres. No obstante, <strong>los inconvenientes y obst\u00e1culos en materia de g\u00e9nero<\/strong> no se han estudiado lo suficiente a la hora de dise\u00f1ar las infraestructuras y servicios asociados a estos modelos.<\/p>\n<p>El desarrollo de servicios m\u00e1s inclusivos de bicicletas compartidas podr\u00eda atraer a un abanico m\u00e1s amplio de perfiles de usuarios y, en concreto, podr\u00eda hacer que aumentara el porcentaje de mujeres que los utilizan.[\/vc_column_text][\/vc_column][\/vc_row][\/vc_section][vc_section css=\u00bb.vc_custom_1591879397539{padding-top: 20px !important;padding-bottom: 60px !important;background-position: 0 0 !important;background-repeat: no-repeat !important;}\u00bb][vc_row bg_type=\u00bbimage\u00bb parallax_style=\u00bbvcpb-default\u00bb bg_image_new=\u00bbid^3613|url^https:\/\/diamond-project.eu\/wp-content\/uploads\/2020\/06\/BANNER-2.png|caption^null|alt^null|title^BANNER|description^null\u00bb bg_override=\u00bbfull\u00bb css=\u00bb.vc_custom_1591879165100{padding-top: 50px !important;padding-bottom: 60px !important;}\u00bb][vc_column width=\u00bb1\/2&#8243;]<div id=\"ultimate-heading-92496a9d173c88407\" class=\"uvc-heading ult-adjust-bottom-margin ultimate-heading-92496a9d173c88407 uvc-3349  uvc-heading-default-font-sizes\" data-hspacer=\"no_spacer\"  data-halign=\"left\" style=\"text-align:left\"><div class=\"uvc-heading-spacer no_spacer\" style=\"top\"><\/div><div class=\"uvc-main-heading ult-responsive\"  data-ultimate-target='.uvc-heading.ultimate-heading-92496a9d173c88407 h2'  data-responsive-json-new='{\"font-size\":\"\",\"line-height\":\"\"}' ><h2 style=\"font-weight:bold;color:#ffffff;margin-bottom:15px;\">\u00a1PARTICIPA EN NUESTRAS ENCUESTAS!<\/h2><\/div><div class=\"uvc-sub-heading ult-responsive\"  data-ultimate-target='.uvc-heading.ultimate-heading-92496a9d173c88407 .uvc-sub-heading '  data-responsive-json-new='{\"font-size\":\"\",\"line-height\":\"\"}'  style=\"font-weight:normal;color:#ffffff;margin-bottom:15px;\"><\/p>\n<h5 style=\"text-align: left;\"><span style=\"color: white;\">\u00bfEres usuario de los servicios de bicicletas compartidas? Responde nuestro cuestionario de satisfacci\u00f3n\u00a0<\/span><\/h5>\n<div class=\"jhH5U\">\n<div id=\"tw-ob\" class=\"tw-src-ltr\">\n<div class=\"oSioSc\">\n<div id=\"tw-target\">\n<div id=\"kAz1tf\" class=\"g9WsWb\">\n<div id=\"tw-target-text-container\" class=\"tw-ta-container hide-focus-ring tw-nfl\" tabindex=\"0\">\n<h5><\/h5>\n<\/div>\n<\/div>\n<\/div>\n<\/div>\n<\/div>\n<div id=\"tw-images\"><\/div>\n<div class=\"dURPtb\"><\/div>\n<div>\n<div><\/div>\n<\/div>\n<\/div>\n<p><\/div><\/div><div class=\" vc_custom_1601473206274 ubtn-ctn-left \"><a class=\"ubtn-link ult-adjust-bottom-margin ubtn-left ubtn-small \" href=\"https:\/\/docs.google.com\/forms\/d\/1sSmejDWQr_OTaJpxkNLtv-h5-j5aEQP3mQCLBnsSKlE\/viewform?edit_requested=true\" target=\"_blank\" rel=\"noopener\" ><button type=\"button\" id=\"ubtn-3799\"  class=\"ubtn ult-adjust-bottom-margin ult-responsive ubtn-small ubtn-no-hover-bg  none  ubtn-left   tooltip-6a9d173c88483\"  data-hover=\"\" data-border-color=\"#ffffff\" data-bg=\"\" data-hover-bg=\"\" data-border-hover=\"#ffffff\" data-shadow-hover=\"\" data-shadow-click=\"none\" data-shadow=\"\" data-shd-shadow=\"\"  data-ultimate-target='#ubtn-3799'  data-responsive-json-new='{\"font-size\":\"desktop:18px;\",\"line-height\":\"desktop:20px;\"}'  style=\"font-weight:bold;border-radius:5px;border-width:2px;border-color:#ffffff;border-style:solid;color: #ffffff;\"><span class=\"ubtn-hover\" style=\"background-color:\"><\/span><span class=\"ubtn-data ubtn-text \" >RESPONDE EL CUESTIONARIO<\/span><\/button><\/a><\/div>[\/vc_column][vc_column width=\u00bb1\/2&#8243;][\/vc_column][\/vc_row][\/vc_section][vc_row css=\u00bb.vc_custom_1591878917322{padding-bottom: 40px !important;}\u00bb][vc_column]<div id=\"ultimate-heading-75376a9d173c88588\" class=\"uvc-heading ult-adjust-bottom-margin ultimate-heading-75376a9d173c88588 uvc-51  uvc-heading-default-font-sizes\" data-hspacer=\"no_spacer\"  data-halign=\"center\" style=\"text-align:center\"><div class=\"uvc-heading-spacer no_spacer\" style=\"top\"><\/div><div class=\"uvc-main-heading ult-responsive\"  data-ultimate-target='.uvc-heading.ultimate-heading-75376a9d173c88588 h2'  data-responsive-json-new='{\"font-size\":\"\",\"line-height\":\"\"}' ><h2 style=\"font-weight:bold;margin-bottom:15px;\">Herramientas de recopilaci\u00f3n de datos<\/h2><\/div><div class=\"uvc-sub-heading ult-responsive\"  data-ultimate-target='.uvc-heading.ultimate-heading-75376a9d173c88588 .uvc-sub-heading '  data-responsive-json-new='{\"font-size\":\"\",\"line-height\":\"\"}'  style=\"font-weight:normal;color:#e84249;\"><\/p>\n<div id=\"ultimate-heading-40405ee08bfe075da\" class=\"uvc-heading ult-adjust-bottom-margin ultimate-heading-40405ee08bfe075da uvc-6520 uvc-heading-default-font-sizes\" data-hspacer=\"no_spacer\" data-halign=\"center\">\n<div class=\"uvc-sub-heading ult-responsive\" data-ultimate-target=\".uvc-heading.ultimate-heading-40405ee08bfe075da .uvc-sub-heading \" data-responsive-json-new=\"{&quot;font-size&quot;:&quot;&quot;,&quot;line-height&quot;:&quot;&quot;}\">\n<h5>Se han utilizado diferentes herramientas metodol\u00f3gicas para recopilar datos sobre los servicios de bicicletas compartidas:<\/h5>\n<\/div>\n<\/div>\n<p><\/div><\/div>[vc_row_inner][vc_column_inner width=\u00bb1\/2&#8243;]<div class=\"standard-arrow bullet-top\"><ul>\n<li><strong>Datos estructurados: <\/strong>son datos est\u00e1ticos sobre los equipos de las estaciones de recogida y devoluci\u00f3n de bicicletas y de la explotaci\u00f3n del servicio que est\u00e1n disponibles como datos abiertos o que pueden facilitar directamente los operadores y las autoridades de transporte. La recopilaci\u00f3n de estos datos se realiza a trav\u00e9s de la selecci\u00f3n de una muestra de estaciones <a href=\"https:\/\/www.velib-metropole.fr\/\" target=\"_blank\" rel=\"noopener noreferrer\">V\u00e9lib<\/a> en las que se puedan recoger los datos m\u00e1s espec\u00edficos. Por otro lado, V\u00e9lib es un autoservicio de bicicletas que se ha extendido a 55 municipios de la metr\u00f3polis denominada \u00abgran Par\u00eds\u00bb.<\/li>\n<li><strong>Observaciones del terreno: <\/strong>estas observaciones se llevan a cabo en las estaciones V\u00e9lib de la muestra seleccionada tanto dentro de Par\u00eds como en la metr\u00f3polis del gran Par\u00eds. Dichas observaciones se centran en el dise\u00f1o en s\u00ed de la estaci\u00f3n y en las caracter\u00edsticas del entorno urbano que rodea a la estaci\u00f3n, teniendo en cuenta las necesidades de las mujeres a la hora de utilizar el servicio de bicicletas compartidas.<\/li>\n<li><strong>Datos de las redes sociales:<\/strong> se realizar\u00e1 un an\u00e1lisis de las opiniones publicadas sobre los servicios de uso compartido de bicicletas a partir de un corpus extra\u00eddo de la red social Twitter.<\/li>\n<li><strong>Focus groups: <\/strong>talleres con personas usuarias de los servicios de bicicletas compartidas para recopilar aquellos criterios de dise\u00f1o de las infraestructuras que influyen en el n\u00famero de mujeres usuarias en funci\u00f3n del momento del d\u00eda.<\/li>\n<li><strong>An\u00e1lisis de la literatura existente: <\/strong>se ha llevado a cabo una recopilaci\u00f3n y evaluaci\u00f3n de la literatura existente sobre servicios de bicicletas compartidas y sobre las necesidades y expectativas de las mujeres para utilizar dichos servicios.<\/li>\n<\/ul>\n<\/div>[\/vc_column_inner][vc_column_inner width=\u00bb1\/2&#8243;]<div class=\"standard-arrow bullet-top\"><ul>\n<li><strong><a href=\"https:\/\/diamond-project.eu\/es\/encuestas_sistemas_transporte\/\">Encuestas<\/a> entre los usuarios y las usuarias: <\/strong>tienen como finalidad conocer el perfil sociodemogr\u00e1fico y los patrones de desplazamiento de las personas usuarias y permiten incluso evaluar su satisfacci\u00f3n con el servicio de bicicletas compartidas y sus infraestructuras. Las y los participantes deben comparar y evaluar los diferentes criterios de su experiencia como usuarios para que podamos analizar posteriormente su satisfacci\u00f3n y su percepci\u00f3n sobre los servicios de alquiler de bicicletas compartidas y sus infraestructuras. Estas encuestas permitir\u00e1n determinar cu\u00e1les son los factores que influyen a la hora de decantarse por estos servicios.<\/li>\n<\/ul>\n<\/div>[vc_single_image image=\u00bb3299&#8243; img_size=\u00bblarge\u00bb][\/vc_column_inner][\/vc_row_inner][\/vc_column][\/vc_row][vc_section css=\u00bb.vc_custom_1591879397539{padding-top: 20px !important;padding-bottom: 60px !important;background-position: 0 0 !important;background-repeat: no-repeat !important;}\u00bb][vc_row bg_type=\u00bbimage\u00bb parallax_style=\u00bbvcpb-default\u00bb bg_image_new=\u00bbid^3996|url^https:\/\/diamond-project.eu\/wp-content\/uploads\/2020\/07\/Use-Case-III_BANNER2-2.png|caption^null|alt^null|title^Use Case III_BANNER2|description^null\u00bb bg_override=\u00bbfull\u00bb css=\u00bb.vc_custom_1601020914774{padding-top: 50px !important;padding-bottom: 60px !important;}\u00bb][vc_column width=\u00bb1\/2&#8243;]<div id=\"ultimate-heading-93346a9d173c8871e\" class=\"uvc-heading ult-adjust-bottom-margin ultimate-heading-93346a9d173c8871e uvc-5974  uvc-heading-default-font-sizes\" data-hspacer=\"no_spacer\"  data-halign=\"left\" style=\"text-align:left\"><div class=\"uvc-heading-spacer no_spacer\" style=\"top\"><\/div><div class=\"uvc-main-heading ult-responsive\"  data-ultimate-target='.uvc-heading.ultimate-heading-93346a9d173c8871e h2'  data-responsive-json-new='{\"font-size\":\"\",\"line-height\":\"\"}' ><h2 style=\"font-weight:bold;color:#ffffff;margin-bottom:15px;\">\u00a1ENCUESTA SOBRE SERVICIOS DE USO COMPARTIDO DE BICICLETA!<\/h2><\/div><div class=\"uvc-sub-heading ult-responsive\"  data-ultimate-target='.uvc-heading.ultimate-heading-93346a9d173c8871e .uvc-sub-heading '  data-responsive-json-new='{\"font-size\":\"\",\"line-height\":\"\"}'  style=\"font-weight:normal;color:#ffffff;margin-bottom:15px;\"><\/p>\n<h5 style=\"text-align: left;\"><span style=\"color: white;\">Ay\u00fadanos a determinar qu\u00e9 factores influyen m\u00e1s a las personas usuarias de este servicio. \u00a1Danos tu opini\u00f3n<\/span><\/h5>\n<div class=\"jhH5U\">\n<div id=\"tw-ob\" class=\"tw-src-ltr\">\n<div class=\"oSioSc\">\n<div id=\"tw-target\">\n<div id=\"kAz1tf\" class=\"g9WsWb\">\n<div id=\"tw-target-text-container\" class=\"tw-ta-container hide-focus-ring tw-nfl\" tabindex=\"0\">\n<pre id=\"tw-target-text\" class=\"tw-data-text tw-text-large XcVN5d tw-ta\" dir=\"ltr\" data-placeholder=\"Traducci\u00f3n\"><\/pre>\n<\/div>\n<\/div>\n<\/div>\n<\/div>\n<\/div>\n<div id=\"tw-images\"><\/div>\n<div class=\"dURPtb\"><\/div>\n<div>\n<div><\/div>\n<\/div>\n<\/div>\n<p><\/div><\/div><div class=\" vc_custom_1601472389075 ubtn-ctn-left \"><a class=\"ubtn-link ult-adjust-bottom-margin ubtn-left ubtn-small \" href=\"https:\/\/diamond828718.typeform.com\/to\/xUoZzm\" target=\"_blank\" rel=\"noopener\" ><button type=\"button\" id=\"ubtn-4675\"  class=\"ubtn ult-adjust-bottom-margin ult-responsive ubtn-small ubtn-no-hover-bg  none  ubtn-left   tooltip-6a9d173c887b1\"  data-hover=\"\" data-border-color=\"#ffffff\" data-bg=\"\" data-hover-bg=\"\" data-border-hover=\"#ffffff\" data-shadow-hover=\"\" data-shadow-click=\"none\" data-shadow=\"\" data-shd-shadow=\"\"  data-ultimate-target='#ubtn-4675'  data-responsive-json-new='{\"font-size\":\"desktop:18px;\",\"line-height\":\"desktop:20px;\"}'  style=\"font-weight:bold;border-radius:5px;border-width:2px;border-color:#ffffff;border-style:solid;color: #ffffff;\"><span class=\"ubtn-hover\" style=\"background-color:\"><\/span><span class=\"ubtn-data ubtn-text \" >EMPIEZA LA ENCUESTA<\/span><\/button><\/a><\/div>[\/vc_column][vc_column width=\u00bb1\/2&#8243;][\/vc_column][\/vc_row][\/vc_section]<\/p>\n<\/div>","protected":false},"excerpt":{"rendered":"<p>[vc_section][vc_row][vc_column][vc_row_inner css=\u00bb.vc_custom_1591715103931{padding-right: 20px !important;padding-left: 20px !important;}\u00bb][vc_column_inner][vc_column_text]Este caso pr\u00e1ctico tiene como finalidad identificar las necesidades y expectativas de las mujeres con respecto a los autoservicios de alquiler de bicicletas. Hemos utilizado el estudio de caso del servicio de bicicletas denominado V\u00e9lib&#8217; M\u00e9tropole de la capital francesa, cuyo despliegue se ha extendido a 55 municipios de la&hellip;<\/p>\n","protected":false},"author":6,"featured_media":3608,"parent":0,"menu_order":0,"comment_status":"closed","ping_status":"closed","template":"","meta":{"footnotes":""},"class_list":["post-4107","page","type-page","status-publish","has-post-thumbnail","hentry","description-off"],"yoast_head":"<!-- This site is optimized with the Yoast SEO plugin v28.3 - https:\/\/yoast.com\/product\/yoast-seo-wordpress\/ -->\n<title>Autoservicio de bicicletas compartidas - Bicycle sharing fleets and services<\/title>\n<meta name=\"description\" content=\"Bike sharing services use case: Study of the needs and requirements in the planning of bike sharing services addressing gender\" \/>\n<meta name=\"robots\" content=\"index, follow, max-snippet:-1, max-image-preview:large, max-video-preview:-1\" \/>\n<link rel=\"canonical\" href=\"https:\/\/diamond-project.eu\/es\/autoservicio-bicicletas-compartidas\/\" \/>\n<meta property=\"og:locale\" content=\"es_ES\" \/>\n<meta property=\"og:type\" content=\"article\" \/>\n<meta property=\"og:title\" content=\"Autoservicio de bicicletas compartidas - Bicycle sharing fleets and services\" \/>\n<meta property=\"og:description\" content=\"Bike sharing services use case: Study of the needs and requirements in the planning of bike sharing services addressing gender\" \/>\n<meta property=\"og:url\" content=\"https:\/\/diamond-project.eu\/es\/autoservicio-bicicletas-compartidas\/\" \/>\n<meta property=\"og:site_name\" content=\"diamond-project.eu\" \/>\n<meta property=\"article:modified_time\" content=\"2020-10-02T10:57:25+00:00\" \/>\n<meta property=\"og:image\" content=\"https:\/\/diamond-project.eu\/wp-content\/uploads\/2020\/06\/leaflet_back_3a-1024x680.jpg\" \/>\n\t<meta property=\"og:image:width\" content=\"1024\" \/>\n\t<meta property=\"og:image:height\" content=\"680\" \/>\n\t<meta property=\"og:image:type\" content=\"image\/jpeg\" \/>\n<meta name=\"twitter:card\" content=\"summary_large_image\" \/>\n<meta name=\"twitter:label1\" content=\"Tiempo de lectura\" \/>\n\t<meta name=\"twitter:data1\" content=\"8 minutos\" \/>\n<script type=\"application\/ld+json\" class=\"yoast-schema-graph\">{\"@context\":\"https:\\\/\\\/schema.org\",\"@graph\":[{\"@type\":\"WebPage\",\"@id\":\"https:\\\/\\\/diamond-project.eu\\\/es\\\/autoservicio-bicicletas-compartidas\\\/\",\"url\":\"https:\\\/\\\/diamond-project.eu\\\/es\\\/autoservicio-bicicletas-compartidas\\\/\",\"name\":\"Autoservicio de bicicletas compartidas - Bicycle sharing fleets and services\",\"isPartOf\":{\"@id\":\"https:\\\/\\\/diamond-project.eu\\\/es\\\/#website\"},\"primaryImageOfPage\":{\"@id\":\"https:\\\/\\\/diamond-project.eu\\\/es\\\/autoservicio-bicicletas-compartidas\\\/#primaryimage\"},\"image\":{\"@id\":\"https:\\\/\\\/diamond-project.eu\\\/es\\\/autoservicio-bicicletas-compartidas\\\/#primaryimage\"},\"thumbnailUrl\":\"https:\\\/\\\/diamond-project.eu\\\/wp-content\\\/uploads\\\/2020\\\/06\\\/leaflet_back_3a.jpg\",\"datePublished\":\"2020-06-11T13:53:50+00:00\",\"dateModified\":\"2020-10-02T10:57:25+00:00\",\"description\":\"Bike sharing services use case: Study of the needs and requirements in the planning of bike sharing services addressing gender\",\"breadcrumb\":{\"@id\":\"https:\\\/\\\/diamond-project.eu\\\/es\\\/autoservicio-bicicletas-compartidas\\\/#breadcrumb\"},\"inLanguage\":\"es\",\"potentialAction\":[{\"@type\":\"ReadAction\",\"target\":[\"https:\\\/\\\/diamond-project.eu\\\/es\\\/autoservicio-bicicletas-compartidas\\\/\"]}]},{\"@type\":\"ImageObject\",\"inLanguage\":\"es\",\"@id\":\"https:\\\/\\\/diamond-project.eu\\\/es\\\/autoservicio-bicicletas-compartidas\\\/#primaryimage\",\"url\":\"https:\\\/\\\/diamond-project.eu\\\/wp-content\\\/uploads\\\/2020\\\/06\\\/leaflet_back_3a.jpg\",\"contentUrl\":\"https:\\\/\\\/diamond-project.eu\\\/wp-content\\\/uploads\\\/2020\\\/06\\\/leaflet_back_3a.jpg\",\"width\":1440,\"height\":956},{\"@type\":\"BreadcrumbList\",\"@id\":\"https:\\\/\\\/diamond-project.eu\\\/es\\\/autoservicio-bicicletas-compartidas\\\/#breadcrumb\",\"itemListElement\":[{\"@type\":\"ListItem\",\"position\":1,\"name\":\"Portada\",\"item\":\"https:\\\/\\\/diamond-project.eu\\\/es\\\/\"},{\"@type\":\"ListItem\",\"position\":2,\"name\":\"Autoservicio de bicicletas compartidas\"}]},{\"@type\":\"WebSite\",\"@id\":\"https:\\\/\\\/diamond-project.eu\\\/es\\\/#website\",\"url\":\"https:\\\/\\\/diamond-project.eu\\\/es\\\/\",\"name\":\"diamond-project.eu\",\"description\":\"diamond-project.eu\",\"potentialAction\":[{\"@type\":\"SearchAction\",\"target\":{\"@type\":\"EntryPoint\",\"urlTemplate\":\"https:\\\/\\\/diamond-project.eu\\\/es\\\/?s={search_term_string}\"},\"query-input\":{\"@type\":\"PropertyValueSpecification\",\"valueRequired\":true,\"valueName\":\"search_term_string\"}}],\"inLanguage\":\"es\"}]}<\/script>\n<!-- \/ Yoast SEO plugin. -->","yoast_head_json":{"title":"Autoservicio de bicicletas compartidas - Bicycle sharing fleets and services","description":"Bike sharing services use case: Study of the needs and requirements in the planning of bike sharing services addressing gender","robots":{"index":"index","follow":"follow","max-snippet":"max-snippet:-1","max-image-preview":"max-image-preview:large","max-video-preview":"max-video-preview:-1"},"canonical":"https:\/\/diamond-project.eu\/es\/autoservicio-bicicletas-compartidas\/","og_locale":"es_ES","og_type":"article","og_title":"Autoservicio de bicicletas compartidas - Bicycle sharing fleets and services","og_description":"Bike sharing services use case: Study of the needs and requirements in the planning of bike sharing services addressing gender","og_url":"https:\/\/diamond-project.eu\/es\/autoservicio-bicicletas-compartidas\/","og_site_name":"diamond-project.eu","article_modified_time":"2020-10-02T10:57:25+00:00","og_image":[{"width":1024,"height":680,"url":"https:\/\/diamond-project.eu\/wp-content\/uploads\/2020\/06\/leaflet_back_3a-1024x680.jpg","type":"image\/jpeg"}],"twitter_card":"summary_large_image","twitter_misc":{"Tiempo de lectura":"8 minutos"},"schema":{"@context":"https:\/\/schema.org","@graph":[{"@type":"WebPage","@id":"https:\/\/diamond-project.eu\/es\/autoservicio-bicicletas-compartidas\/","url":"https:\/\/diamond-project.eu\/es\/autoservicio-bicicletas-compartidas\/","name":"Autoservicio de bicicletas compartidas - Bicycle sharing fleets and services","isPartOf":{"@id":"https:\/\/diamond-project.eu\/es\/#website"},"primaryImageOfPage":{"@id":"https:\/\/diamond-project.eu\/es\/autoservicio-bicicletas-compartidas\/#primaryimage"},"image":{"@id":"https:\/\/diamond-project.eu\/es\/autoservicio-bicicletas-compartidas\/#primaryimage"},"thumbnailUrl":"https:\/\/diamond-project.eu\/wp-content\/uploads\/2020\/06\/leaflet_back_3a.jpg","datePublished":"2020-06-11T13:53:50+00:00","dateModified":"2020-10-02T10:57:25+00:00","description":"Bike sharing services use case: Study of the needs and requirements in the planning of bike sharing services addressing gender","breadcrumb":{"@id":"https:\/\/diamond-project.eu\/es\/autoservicio-bicicletas-compartidas\/#breadcrumb"},"inLanguage":"es","potentialAction":[{"@type":"ReadAction","target":["https:\/\/diamond-project.eu\/es\/autoservicio-bicicletas-compartidas\/"]}]},{"@type":"ImageObject","inLanguage":"es","@id":"https:\/\/diamond-project.eu\/es\/autoservicio-bicicletas-compartidas\/#primaryimage","url":"https:\/\/diamond-project.eu\/wp-content\/uploads\/2020\/06\/leaflet_back_3a.jpg","contentUrl":"https:\/\/diamond-project.eu\/wp-content\/uploads\/2020\/06\/leaflet_back_3a.jpg","width":1440,"height":956},{"@type":"BreadcrumbList","@id":"https:\/\/diamond-project.eu\/es\/autoservicio-bicicletas-compartidas\/#breadcrumb","itemListElement":[{"@type":"ListItem","position":1,"name":"Portada","item":"https:\/\/diamond-project.eu\/es\/"},{"@type":"ListItem","position":2,"name":"Autoservicio de bicicletas compartidas"}]},{"@type":"WebSite","@id":"https:\/\/diamond-project.eu\/es\/#website","url":"https:\/\/diamond-project.eu\/es\/","name":"diamond-project.eu","description":"diamond-project.eu","potentialAction":[{"@type":"SearchAction","target":{"@type":"EntryPoint","urlTemplate":"https:\/\/diamond-project.eu\/es\/?s={search_term_string}"},"query-input":{"@type":"PropertyValueSpecification","valueRequired":true,"valueName":"search_term_string"}}],"inLanguage":"es"}]}},"_links":{"self":[{"href":"https:\/\/diamond-project.eu\/es\/wp-json\/wp\/v2\/pages\/4107","targetHints":{"allow":["GET"]}}],"collection":[{"href":"https:\/\/diamond-project.eu\/es\/wp-json\/wp\/v2\/pages"}],"about":[{"href":"https:\/\/diamond-project.eu\/es\/wp-json\/wp\/v2\/types\/page"}],"author":[{"embeddable":true,"href":"https:\/\/diamond-project.eu\/es\/wp-json\/wp\/v2\/users\/6"}],"replies":[{"embeddable":true,"href":"https:\/\/diamond-project.eu\/es\/wp-json\/wp\/v2\/comments?post=4107"}],"version-history":[{"count":0,"href":"https:\/\/diamond-project.eu\/es\/wp-json\/wp\/v2\/pages\/4107\/revisions"}],"wp:featuredmedia":[{"embeddable":true,"href":"https:\/\/diamond-project.eu\/es\/wp-json\/wp\/v2\/media\/3608"}],"wp:attachment":[{"href":"https:\/\/diamond-project.eu\/es\/wp-json\/wp\/v2\/media?parent=4107"}],"curies":[{"name":"wp","href":"https:\/\/api.w.org\/{rel}","templated":true}]}}